{"id":214,"date":"2015-08-19T21:37:55","date_gmt":"2015-08-19T19:37:55","guid":{"rendered":"http:\/\/die-maennerversteherin.de\/?page_id=214"},"modified":"2021-03-09T10:51:30","modified_gmt":"2021-03-09T08:51:30","slug":"neue-trainer","status":"publish","type":"page","link":"https:\/\/businessrhetorik.de\/?page_id=214","title":{"rendered":"Neue Trainer"},"content":{"rendered":"<p><a href=\"http:\/\/businessrhetorik.de\/wp-content\/uploads\/2015\/08\/profilfoto_705.jpg\"><img loading=\"lazy\" class=\"size-full wp-image-219 alignleft\" src=\"http:\/\/businessrhetorik.de\/wp-content\/uploads\/2015\/08\/profilfoto_705.jpg\" alt=\"profilfoto_705\" width=\"220\" height=\"300\" \/><\/a><\/p>\n<p>Willkommen\u00a0Georg von Stein!<\/p>\n<p>Unser neuer Trainer ist ein Vollprofi! Er coachte unter anderem die letzte Miss Germany zum Erfolg!<\/p>\n<p>Seine besonderen Spezialit\u00e4ten sind souver\u00e4ner Auftritt und Eloquenz und Schlagfertigkeit.<\/p>\n<p>Georg von Stein, Dipl.-Kfm., 48, hat Betriebswirtschaftslehre in M\u00fcnchen studiert und danach 21 Jahre als Berater, Manager, Moderator, Journalist und Trainer &amp; Coach gearbeitet. Seit 13 Jahren f\u00fchrt er vor allem Auftritts-\/Kommunikations-\/Medientrainings f\u00fcr viele Unternehmen durch, wie z.B. IBM, Siemens, Philips, General Electric, BMW, Bosch, uvm. und moderiert Veranstaltungen und Wirtschaftspanels. Er war Aufsichtsratsvorsitzender der Silverline Television AG und hat als Journalist viele Interviews mit f\u00fchrenden Pers\u00f6nlichkeiten der deutschen Wirtschaft gef\u00fchrt (Roman Herzog, Hans-Olaf Henkel, Reinhold W\u00fcrth, Roland Berger, Dieter Hundt, Otto Kentzler, Wolfgang Clement etc.).<\/p>\n<p>&nbsp;<\/p>\n<p><a href=\"http:\/\/businessrhetorik.de\/wp-content\/uploads\/2015\/09\/Albrecht-IBR2.jpg\"><img loading=\"lazy\" class=\" wp-image-247 alignleft\" src=\"http:\/\/businessrhetorik.de\/wp-content\/uploads\/2015\/09\/Albrecht-IBR2-216x300.jpg\" alt=\"13 : 18 Hochformat\" width=\"215\" height=\"299\" srcset=\"https:\/\/businessrhetorik.de\/wp-content\/uploads\/2015\/09\/Albrecht-IBR2-216x300.jpg 216w, https:\/\/businessrhetorik.de\/wp-content\/uploads\/2015\/09\/Albrecht-IBR2-739x1024.jpg 739w, https:\/\/businessrhetorik.de\/wp-content\/uploads\/2015\/09\/Albrecht-IBR2.jpg 847w\" sizes=\"(max-width: 215px) 100vw, 215px\" \/><\/a>Willkommen Albrecht von Weech!<\/p>\n<p>Einem breiten Publikum bekannt geworden ist er als Benimm Coach auf Pro7 und RTL2.<\/p>\n<p>Er unterrichtet und coacht seit \u00fcber 15 Jahren F\u00fchrungskr\u00e4fte, Selbstst\u00e4ndige und Interessierte im Thema &#8222;Business Etiquette&#8220;. Sein Ansatz ist ein ganzheitlicher, seine Methodik umfasst u.a.:\u00a0 Authentisch korrekt und selbstverst\u00e4ndlich wirken, Business-Umgangsformen, Bekleidungs-Beratung, Tischmanieren, Vorstellen, Proxemik, Gesellschaftliche Rhetorik und Kommunikation.<\/p>\n","protected":false},"excerpt":{"rendered":"<p>Willkommen\u00a0Georg von Stein! Unser neuer Trainer ist ein Vollprofi! Er coachte unter anderem die letzte Miss Germany zum Erfolg! Seine besonderen Spezialit\u00e4ten sind souver\u00e4ner&#8230; &nbsp; <a href=\"https:\/\/businessrhetorik.de\/?page_id=214\" class=\"moretag\">&#8230;. weiter lesen<\/a><\/p>\n","protected":false},"author":2,"featured_media":0,"parent":0,"menu_order":0,"comment_status":"closed","ping_status":"open","template":"","meta":[],"_links":{"self":[{"href":"https:\/\/businessrhetorik.de\/index.php?rest_route=\/wp\/v2\/pages\/214"}],"collection":[{"href":"https:\/\/businessrhetorik.de\/index.php?rest_route=\/wp\/v2\/pages"}],"about":[{"href":"https:\/\/businessrhetorik.de\/index.php?rest_route=\/wp\/v2\/types\/page"}],"author":[{"embeddable":true,"href":"https:\/\/businessrhetorik.de\/index.php?rest_route=\/wp\/v2\/users\/2"}],"replies":[{"embeddable":true,"href":"https:\/\/businessrhetorik.de\/index.php?rest_route=%2Fwp%2Fv2%2Fcomments&post=214"}],"version-history":[{"count":6,"href":"https:\/\/businessrhetorik.de\/index.php?rest_route=\/wp\/v2\/pages\/214\/revisions"}],"predecessor-version":[{"id":369,"href":"https:\/\/businessrhetorik.de\/index.php?rest_route=\/wp\/v2\/pages\/214\/revisions\/369"}],"wp:attachment":[{"href":"https:\/\/businessrhetorik.de\/index.php?rest_route=%2Fwp%2Fv2%2Fmedia&parent=214"}],"curies":[{"name":"wp","href":"https:\/\/api.w.org\/{rel}","templated":true}]}}